{"id":127,"date":"2024-05-16T10:09:03","date_gmt":"2024-05-16T08:09:03","guid":{"rendered":"https:\/\/zdow.pl\/rlks\/?page_id=127"},"modified":"2026-01-07T09:39:25","modified_gmt":"2026-01-07T08:39:25","slug":"dzialania","status":"publish","type":"page","link":"https:\/\/zdow.pl\/rlks\/dzialania\/","title":{"rendered":"Nabory"},"content":{"rendered":"\n<div class=\"wp-block-columns is-layout-flex wp-container-core-columns-is-layout-9d6595d7 wp-block-columns-is-layout-flex\">\n<div class=\"wp-block-column is-layout-flow wp-block-column-is-layout-flow\">\n<h2 class=\"wp-block-heading has-text-align-center\">Harmonogram<\/h2>\n\n\n\n<figure class=\"wp-block-image size-full\"><a href=\"https:\/\/zdow.pl\/rlks\/index.php\/category\/harmonogram-naborow\/\" target=\"_blank\" rel=\"noreferrer noopener\"><img loading=\"lazy\" decoding=\"async\" width=\"915\" height=\"909\" src=\"https:\/\/zdow.pl\/rlks\/wp-content\/uploads\/2025\/01\/harmo.jpeg\" alt=\"\" class=\"wp-image-200\" srcset=\"https:\/\/zdow.pl\/rlks\/wp-content\/uploads\/2025\/01\/harmo.jpeg 915w, https:\/\/zdow.pl\/rlks\/wp-content\/uploads\/2025\/01\/harmo-300x298.jpeg 300w, https:\/\/zdow.pl\/rlks\/wp-content\/uploads\/2025\/01\/harmo-150x150.jpeg 150w, https:\/\/zdow.pl\/rlks\/wp-content\/uploads\/2025\/01\/harmo-768x763.jpeg 768w\" sizes=\"auto, (max-width: 915px) 100vw, 915px\" \/><\/a><\/figure>\n<\/div>\n\n\n\n<div class=\"wp-block-column is-layout-flow wp-block-column-is-layout-flow\">\n<h2 class=\"wp-block-heading has-text-align-center\">Nabory aktualne<\/h2>\n\n\n\n<figure class=\"wp-block-image size-full\"><a href=\"https:\/\/zdow.pl\/rlks\/index.php\/category\/nabory-aktualne\/\" target=\"_blank\" rel=\"noreferrer noopener\"><img loading=\"lazy\" decoding=\"async\" width=\"905\" height=\"906\" src=\"https:\/\/zdow.pl\/rlks\/wp-content\/uploads\/2025\/01\/aktu.jpeg\" alt=\"\" class=\"wp-image-201\" srcset=\"https:\/\/zdow.pl\/rlks\/wp-content\/uploads\/2025\/01\/aktu.jpeg 905w, https:\/\/zdow.pl\/rlks\/wp-content\/uploads\/2025\/01\/aktu-300x300.jpeg 300w, https:\/\/zdow.pl\/rlks\/wp-content\/uploads\/2025\/01\/aktu-150x150.jpeg 150w, https:\/\/zdow.pl\/rlks\/wp-content\/uploads\/2025\/01\/aktu-768x769.jpeg 768w\" sizes=\"auto, (max-width: 905px) 100vw, 905px\" \/><\/a><\/figure>\n<\/div>\n\n\n\n<div class=\"wp-block-column is-layout-flow wp-block-column-is-layout-flow\">\n<h2 class=\"wp-block-heading has-text-align-center\">Nabory zako\u0144czone<\/h2>\n\n\n\n<figure class=\"wp-block-image size-full\"><a href=\"https:\/\/zdow.pl\/rlks\/index.php\/category\/nabory-zakonczone\/\" target=\"_blank\" rel=\"Dokument pdf - Lokalna Strategia Rozwoju noopener\"><img loading=\"lazy\" decoding=\"async\" width=\"914\" height=\"908\" src=\"https:\/\/zdow.pl\/rlks\/wp-content\/uploads\/2025\/01\/zako.jpeg\" alt=\"\" class=\"wp-image-202\" srcset=\"https:\/\/zdow.pl\/rlks\/wp-content\/uploads\/2025\/01\/zako.jpeg 914w, https:\/\/zdow.pl\/rlks\/wp-content\/uploads\/2025\/01\/zako-300x298.jpeg 300w, https:\/\/zdow.pl\/rlks\/wp-content\/uploads\/2025\/01\/zako-150x150.jpeg 150w, https:\/\/zdow.pl\/rlks\/wp-content\/uploads\/2025\/01\/zako-768x763.jpeg 768w\" sizes=\"auto, (max-width: 914px) 100vw, 914px\" \/><\/a><\/figure>\n<\/div>\n<\/div>\n\n\n\n<p><mark style=\"background-color:rgba(0, 0, 0, 0)\" class=\"has-inline-color has-yellow-color\">W zwi\u0105zku z licznymi zapytaniami informujemy, \u017ce w perspektywie finansowej Planu Strategicznego WPR na lata 2023-2027\u00a0<strong>Lokalna Grupa Dzia\u0142ania Zielona Dolina Odry i Warty<\/strong>\u00a0<strong>nie planuje<\/strong>\u00a0nabor\u00f3w, zwi\u0105zanych z zak\u0142adaniem, rozwojem lub doposa\u017ceniem przedsi\u0119biorstw.<\/mark><\/p>\n\n\n\n<p>W nowej perspektywie nasze LGD wspiera\u0107 b\u0119dzie samorz\u0105dy i organizacje pozarz\u0105dowe w ramach dw\u00f3ch cel\u00f3w strategicznych:<\/p>\n\n\n\n<ol class=\"wp-block-list\">\n<li>Rozw\u00f3j infrastruktury turystycznej, rekreacyjnej, edukacyjnej, kulturalnej, sportowej oraz ochrony przyrody.<\/li>\n\n\n\n<li>Rozw\u00f3j kapita\u0142u spo\u0142ecznego.<\/li>\n<\/ol>\n\n\n\n<h2 class=\"wp-block-heading\"><strong>1.Rozw\u00f3j infrastruktury turystycznej, rekreacyjnej, edukacyjnej, kulturalnej, sportowej oraz ochrony przyrody.<\/strong><\/h2>\n\n\n\n<p>Obszar LGD ma szans\u0119 przeciwstawi\u0107 si\u0119 negatywnym trendom demograficznym wykorzystuj\u0105c swoje przygraniczne po\u0142o\u017cenie (zjawisko \u2013 pracuj\u0119 w Niemczech, mieszkam w Polsce). Aby sta\u0107 si\u0119 regionem jeszcze bardziej atrakcyjnym dla osiedlania si\u0119 mieszka\u0144c\u00f3w innych cz\u0119\u015bci Polski niezb\u0119dnym jest zwi\u0119kszenie dost\u0119pno\u015bci do us\u0142ug publicznych zwi\u0119kszaj\u0105cych jako\u015b\u0107 \u017cycia na obszarze LGD.<\/p>\n\n\n\n<h3 class=\"wp-block-heading\"><strong><u>Przedsi\u0119wzi\u0119cia<\/u><\/strong> dla celu 1<\/h3>\n\n\n\n<h4 class=\"wp-block-heading\">1.1 Konkurs \u201ePoprawa dost\u0119pu do ma\u0142ej infrastruktury publicznej\u201d<\/h4>\n\n\n\n<p>Pomoc przyznaje si\u0119 nast\u0119puj\u0105cym podmiotom z obszaru obj\u0119tego LSR: <\/p>\n\n\n\n<ul class=\"wp-block-list\">\n<li>Jednostkom Sektora Finans\u00f3w Publicznych <\/li>\n\n\n\n<li>Organizacjom Pozarz\u0105dowym.<\/li>\n<\/ul>\n\n\n\n<p>Pomoc jest przyznawana, je\u017celi operacja s\u0142u\u017cy zaspokajaniu potrzeb spo\u0142eczno\u015bci lokalnej oraz jest realizowana:<\/p>\n\n\n\n<ol class=\"wp-block-list\">\n<li>na obszarze obj\u0119tym LSR.<\/li>\n\n\n\n<li>na nieruchomo\u015bci b\u0119d\u0105cej w posiadaniu wnioskodawcy\/beneficjenta przez okres ubiegania si\u0119<br>o przyznanie pomocy na operacj\u0119, okres realizacji operacji oraz okres trwa\u0142o\u015bci operacji.<\/li>\n<\/ol>\n\n\n\n<h4 class=\"wp-block-heading\">1.2 Konkurs \u201eOchrona dziedzictwa kulturowego lub przyrodniczego polskiej wsi<\/h4>\n\n\n\n<p>Pomoc przyznaje si\u0119 nast\u0119puj\u0105cym podmiotom z obszaru obj\u0119tego LSR: <\/p>\n\n\n\n<ul class=\"wp-block-list\">\n<li>Jednostkom Sektora Finans\u00f3w Publicznych <\/li>\n\n\n\n<li>Organizacjom Pozarz\u0105dowym.<\/li>\n<\/ul>\n\n\n\n<p>W przypadku operacji z zakresu ochrony dziedzictwa kulturowego, kt\u00f3ra dotyczy inwestycji w obiekt zabytkowy, pomoc jest przyznawana, je\u017celi wnioskodawca wyka\u017ce, i\u017c obiekt jest obj\u0119ty form\u0105 ochrony zabytk\u00f3w np. jest wpisany do ewidencji zabytk\u00f3w, rejestru zabytk\u00f3w itp.<\/p>\n\n\n\n<p>W przypadku operacji z zakresu ochrony dziedzictwa przyrodniczego, pomoc inwestycyjna jest przyznawana, je\u017celi wnioskodawca wyka\u017ce, i\u017c operacja b\u0119dzie realizowana na obszarze obj\u0119tym form\u0105 ochrony przyrody lub dotyczy pomnika przyrody.<\/p>\n\n\n\n<p><em>Dziedzictwo przyrodnicze (naturalne) \u2013 pomniki przyrody, miejsca i strefy o wyj\u0105tkowej warto\u015bci przyrodniczej podlegaj\u0105ce ochronie prawnej (Konwencja w sprawie ochrony \u015bwiatowego dziedzictwa kulturalnego i naturalnego przyj\u0119ta w Pary\u017cu 16 listopada 1972 r., ratyfikowanej przez stron\u0119 polsk\u0105 30 wrze\u015bnia 1976 r.).<br>Za dziedzictwo naturalne uwa\u017ca si\u0119: pomniki przyrody utworzone przez formacje fizyczne i biologiczne albo zgrupowania takich formacji przedstawiaj\u0105ce wyj\u0105tkow\u0105\u0328 powszechn\u0105 warto\u015b\u0107 z punktu widzenia estetycznego lub naukowego; formacje geologiczne i fizjograficzne oraz strefy o \u015bci\u015ble oznaczonych granicach stanowi\u0105ce siedliska zagro\u017conych zag\u0142ad\u0105 gatunk\u00f3w zwierz\u0105t i ro\u015blin oraz maj\u0105ce wyj\u0105tkow\u0105\u0328 powszechn\u0105 warto\u015b\u0107\u0301 z punktu widzenia nauki lub ich zachowania; miejsca lub strefy naturalne o \u015bci\u015ble oznaczonych granicach, maj\u0105ce wyj\u0105tkow\u0105\u0328 powszechn\u0105 warto\u015b\u0107\u0301 z punktu widzenia nauki, zachowania lub naturalnego pi\u0119kna.<\/em><\/p>\n\n\n\n<h2 class=\"wp-block-heading\">2. Rozw\u00f3j Kapita\u0142u Spo\u0142ecznego<\/h2>\n\n\n\n<p>Obszar LGD cechuje niska sp\u00f3jno\u015b\u0107 tkanki spo\u0142ecznej zwi\u0105zana z przesiedle\u0144czym charakterem tzw. \u201eziem odzyskanych\u201d i istniej\u0105c\u0105 do 1989 roku polityk\u0105 w\u0142adz zacierania \u015blad\u00f3w poniemieckiej historii, wyra\u017cany m.in. niedba\u0142o\u015bci\u0105 o dziedzictwo kulturowe. Najdotkliwszy skutek tej polityki (niestety odbijaj\u0105cy si\u0119 echem do dzi\u015b) to zmiany w mentalno\u015bci mieszka\u0144c\u00f3w, objawiaj\u0105ce si\u0119 cz\u0119sto zoboj\u0119tnieniem na kwesti\u0119 estetyki miejscowo\u015bci czy w\u0142asnego gospodarstwa. W takich okoliczno\u015bciach trudniej o wytworzenie emocjonalnych wi\u0119zi ze swoj\u0105 ma\u0142\u0105 ojczyzn\u0105 i wra\u017cliwo\u015b\u0107 na spo\u0142eczne sprawy.&nbsp; Do dzi\u015b lokalne spo\u0142ecze\u0144stwo jest stosunkowo s\u0142abo zaanga\u017cowane w sprawy spo\u0142eczne, podejmuje niewiele dzia\u0142a\u0144 kolektywnych nastawionych na cel o charakterze dobra wsp\u00f3lnego. Cel nr 2 zorientowany jest na odwr\u00f3cenie negatywnego zjawiska i wykorzystanie w pe\u0142niejszym stopniu potencja\u0142u drzemi\u0105cego w\u015br\u00f3d spo\u0142ecze\u0144stwa. Odb\u0119dzie si\u0119 to poprzez wzmocnienie lokalnych lider\u00f3w, organizacji pozarz\u0105dowych, wzrost kompetencji spo\u0142ecznych mieszka\u0144c\u00f3w oraz podej\u015bcie do zwi\u0119kszania kompetencji<br>w postaci praktycznej, w trakcie wsp\u00f3lnych dzia\u0142a\u0144 w ramach projekt\u00f3w grantowych. Silnym i trwa\u0142ym czynnikiem integruj\u0105cym jest wsp\u00f3lny sukces a umiej\u0119tno\u015bci i kompetencje spo\u0142eczne najszybciej wzrosn\u0105 w trakcie praktycznego dzia\u0142ania. Po zako\u0144czeniu realizacji przedsi\u0119wzi\u0119cia spo\u0142eczno\u015b\u0107 zyskuje wiar\u0119, \u017ce sama mo\u017ce wp\u0142ywa\u0107 na w\u0142asne otoczenie, co jest zaczynem kolejnych inicjatyw i pod\u0142o\u017cem wzrostu kapita\u0142u spo\u0142ecznego w szerszej skali. Co wa\u017cne \u2013 cel 2 realizowany b\u0119dzie w formie konkurs\u00f3w grantowych. Wysoko\u015bci dotacji uzale\u017cnione s\u0105 od konkursu. Przewidywany jest te\u017c wk\u0142ad w\u0142asny realizator\u00f3w projektu, jednak g\u0142\u00f3wnie w formie wk\u0142adu niefinansowego.<\/p>\n\n\n\n<h3 class=\"wp-block-heading\"><strong><u>Przedsi\u0119wzi\u0119cia dla celu 2:<\/u><\/strong><\/h3>\n\n\n\n<h4 class=\"wp-block-heading\"><strong>2.1 Konkurs grantowy \u201eAktywizacja spo\u0142eczno\u015bci lokalnej w plac\u00f3wkach edukacyjnych\u201d<\/strong><\/h4>\n\n\n\n<p>Przedsi\u0119wzi\u0119cie realizowane w formie projektu grantowego. Warto\u015b\u0107 jednego grantu wynosi od 50\u00a0000 z\u0142. Poziom wsparcia: 95%.<\/p>\n\n\n\n<p>Typ projektu:&nbsp; Szko\u0142a i przedszkole jako o\u015brodek kultury i aktywizacji lokalnej spo\u0142eczno\u015bci (realizacja projekt\u00f3w w obszarze integracji spo\u0142ecznej w szczeg\u00f3lno\u015bci na obszarach wiejskich dla lokalnej spo\u0142eczno\u015bci na bazie ww. plac\u00f3wek kierowanych zar\u00f3wno do dzieci, jak i doros\u0142ych).<\/p>\n\n\n\n<p>Beneficjenci:<\/p>\n\n\n\n<ul class=\"wp-block-list\">\n<li>jednostki samorz\u0105du terytorialnego (JST), ich zwi\u0105zki oraz stowarzyszenia, organizacje non profit,<\/li>\n\n\n\n<li>jednostki organizacyjne JST,<\/li>\n\n\n\n<li>organizacje pozarz\u0105dowe,<\/li>\n\n\n\n<li>przedsi\u0119biorstwa (M\u015aP) i ich zwi\u0105zki i stowarzyszenia&nbsp;w tym osoby fizyczne prowadz\u0105ce dzia\u0142alno\u015b\u0107 gospodarcz\u0105,<\/li>\n\n\n\n<li>szko\u0142y, przedszkola i plac\u00f3wki (w rozumieniu ustawy o systemie o\u015bwiaty) i ich organy prowadz\u0105ce.<\/li>\n\n\n\n<li>osoby fizyczne prowadz\u0105ce dzia\u0142alno\u015b\u0107 o\u015bwiatow\u0105 na podstawie odr\u0119bnych przepis\u00f3w,<\/li>\n\n\n\n<li>uczelnie wy\u017csze i ich sp\u00f3\u0142ki,<\/li>\n\n\n\n<li>podmioty ekonomii spo\u0142ecznej.<\/li>\n<\/ul>\n\n\n\n<p>Co mo\u017cna finansowa\u0107:<\/p>\n\n\n\n<ul class=\"wp-block-list\">\n<li>Dzia\u0142ania wspieraj\u0105ce dzieci, m\u0142odzie\u017cy (w tym osoby do 25 roku \u017cycia) i rodziny w zakresie integralnego rozwoju fizycznego, psychicznego, emocjonalnego i spo\u0142ecznego oraz rozwoju wi\u0119zi (np., dramy, metody inscenizacji wyjazdy do teatru lub zapraszanie teatru do lokalnej spo\u0142eczno\u015bci itp.)<\/li>\n\n\n\n<li>Wsparcie w rozwijaniu kompetencji, umiej\u0119tno\u015bci, uzdolnie\u0144 oraz zainteresowa\u0144 uczni\u00f3w poza edukacj\u0105 formaln\u0105 (k\u00f3\u0142ka zainteresowa\u0144, warsztaty teatralne, malarstwo, rze\u017aba, k\u00f3\u0142ka fotograficzne zako\u0144czone<br>np. wystaw\u0105 prac udost\u0119pnion\u0105 spo\u0142eczno\u015bci lokalnej itp.)<\/li>\n\n\n\n<li>Zaj\u0119cia kulturalne jako form\u0119 edukacji i aktywizacji lokalnej spo\u0142eczno\u015bci<\/li>\n<\/ul>\n\n\n\n<h4 class=\"wp-block-heading\">2.2 Konkurs grantowy \u201eLokalne kszta\u0142cenie doros\u0142ych\u201d<\/h4>\n\n\n\n<p>Przedsi\u0119wzi\u0119cie realizowane w formie projektu grantowego. Warto\u015b\u0107 jednego grantu wynosi od 50\u00a0000 z\u0142. Poziom wsparcia: 95%.<\/p>\n\n\n\n<p>Typ projektu:&nbsp; Lokalne kszta\u0142cenie&nbsp; &#8211; wsparcie lokalnych inicjatyw na rzecz kszta\u0142cenia os\u00f3b doros\u0142ych (w tym os\u00f3b w niekorzystnej sytuacji -kobiet) m.in. poprzez tworzenie lokalnych punkt\u00f3w wsparcia kszta\u0142cenia os\u00f3b doros\u0142ych, w tym s\u0142u\u017c\u0105cych aktywizacji os\u00f3b starszych (w tym senior\u00f3w), o niskich kwalifikacjach czy os\u00f3b z niepe\u0142nosprawno\u015bciami.<\/p>\n\n\n\n<p>Beneficjenci:<\/p>\n\n\n\n<ul class=\"wp-block-list\">\n<li>jednostki samorz\u0105du terytorialnego (JST), ich zwi\u0105zki oraz stowarzyszenia, organizacje non profit,<\/li>\n\n\n\n<li>jednostki organizacyjne JST posiadaj\u0105ce osobowo\u015b\u0107 prawn\u0105,<\/li>\n\n\n\n<li>organizacje pozarz\u0105dowe,<\/li>\n\n\n\n<li>przedsi\u0119biorstwa (M\u015aP) i ich zwi\u0105zki i stowarzyszenia&nbsp;w tym osoby fizyczne prowadz\u0105ce dzia\u0142alno\u015b\u0107 gospodarcz\u0105,<\/li>\n\n\n\n<li>szko\u0142y i plac\u00f3wki (w rozumieniu ustawy o systemie o\u015bwiaty) i ich organy prowadz\u0105ce.<\/li>\n\n\n\n<li>osoby fizyczne prowadz\u0105ce dzia\u0142alno\u015b\u0107 o\u015bwiatow\u0105 na podstawie odr\u0119bnych przepis\u00f3w,<\/li>\n\n\n\n<li>podmioty ekonomii spo\u0142ecznej.<\/li>\n<\/ul>\n\n\n\n<p>Co mo\u017cna finansowa\u0107:<\/p>\n\n\n\n<ul class=\"wp-block-list\">\n<li>Dzia\u0142ania realizuj\u0105ce ide\u0119 uczenia si\u0119 przez ca\u0142e \u017cycie wspieraj\u0105ce nabywanie, rozwijanie i podnoszenie umiej\u0119tno\u015bci lub kompetencji podstawowych (wg Zintegrowanej Strategii Umiej\u0119tno\u015bci 2030 \u2013 cz\u0119\u015b\u0107 og\u00f3lna) <\/li>\n\n\n\n<li>Przyk\u0142adowe kursy\/warsztaty: ekologiczne rolnictwo i uprawa, zdrowe od\u017cywianie, podstawowa obs\u0142uga komputera (np. pisanie cv); poruszanie si\u0119 po Internecie (praktyczne wykorzystywania serwis\u00f3w i platform internetowych, przetwarzanie tre\u015bci informacyjnych i reklamowych, zwi\u0119kszenia mo\u017cliwo\u015bci utrzymywania relacji spo\u0142ecznych poprzez umiej\u0119tne i \u015bwiadome u\u017cytkowanie mass medi\u00f3w i komunikator\u00f3w, poruszanie si\u0119 po e-urz\u0119dach i wype\u0142nianie druk\u00f3w formularzy i poda\u0144 online, bezpiecze\u0144stwo w sieci \u2013 jak si\u0119 ustrzec pr\u00f3b wy\u0142udze\u0144; zarz\u0105dzanie finansami \u2013 np. bud\u017cetem domowym czy funduszem remontowym, cyfrowe wsparcie dla senior\u00f3w \u2013 nauka korzystania ze smartfon\u00f3w, warsztaty z r\u0119kodzie\u0142a, na kt\u00f3rych uczestnicy ucz\u0105 si\u0119 promocji i sprzeda\u017cy w\u0142asnego r\u0119kodzie\u0142a). Dla grup w niekorzystnej sytuacji-kobiet przewidziano warsztaty na temat zdrowego od\u017cywiania.<\/li>\n<\/ul>\n\n\n\n<h4 class=\"wp-block-heading\"><strong>2.3 Konkurs grantowy \u201eRozw\u00f3j potencja\u0142u spo\u0142eczno\u015bci lokalnych\u201d<\/strong><\/h4>\n\n\n\n<p>Przedsi\u0119wzi\u0119cie realizowane w formie projektu grantowego. Warto\u015b\u0107 jednego grantu wynosi od 50\u00a0000 z\u0142. Poziom wsparcia: 95%.<\/p>\n\n\n\n<p>Typ projektu:&nbsp; Wsparcie aktywizacji spo\u0142ecznej i rozw\u00f3j spo\u0142eczno\u015bci lokalnych na rzecz aktywizacji spo\u0142ecznej os\u00f3b wykluczonych, zagro\u017conych wykluczeniem i ich rodzin w \u015brodowisku lokalnym, budowanie potencja\u0142u spo\u0142eczno\u015bci lokalnych m.in. poprzez programy aktywno\u015bci lokalnej, pikniki s\u0105siedzkie, zaj\u0119cia podw\u00f3rkowe dla dzieci, \u015bwietlice \u015brodowiskowe).<\/p>\n\n\n\n<p>Beneficjenci:<\/p>\n\n\n\n<ul class=\"wp-block-list\">\n<li>LGD, jednostki samorz\u0105du terytorialnego (JST), ich zwi\u0105zki oraz stowarzyszenia, organizacje non profit,&nbsp;sp\u00f3\u0142ki komunalne,<\/li>\n\n\n\n<li>jednostki organizacyjne JST,<\/li>\n\n\n\n<li>organizacje pozarz\u0105dowe,<\/li>\n\n\n\n<li>podmioty ekonomii spo\u0142ecznej,<\/li>\n\n\n\n<li>zwi\u0105zki zawodowe,<\/li>\n\n\n\n<li>organizacje pracodawc\u00f3w,<\/li>\n\n\n\n<li>organizacje spo\u0142eczno-zawodowe rolnik\u00f3w,<\/li>\n\n\n\n<li>ko\u015bcio\u0142y i zwi\u0105zki wyznaniowe.<\/li>\n<\/ul>\n\n\n\n<ol class=\"wp-block-list\">\n<li><\/li>\n<\/ol>\n\n\n\n<figure class=\"wp-block-image size-full\"><img loading=\"lazy\" decoding=\"async\" width=\"755\" height=\"450\" src=\"https:\/\/zdow.pl\/rlks\/wp-content\/uploads\/2024\/05\/image.png\" alt=\"Graficzne uj\u0119cie podzia\u0142u bud\u017cetu pomi\u0119dzy dzia\u0142ania przewidziane w strategii. 56% bud\u017cetu to dzia\u0142anie 1.1, 10% to dzia\u0142anie 1.2; 16% to dzia\u0142anie 2.1; 5% to dzia\u0142anie 2.2 i 13% to dzia\u0142anie 2.3\" class=\"wp-image-110\" srcset=\"https:\/\/zdow.pl\/rlks\/wp-content\/uploads\/2024\/05\/image.png 755w, https:\/\/zdow.pl\/rlks\/wp-content\/uploads\/2024\/05\/image-300x179.png 300w\" sizes=\"auto, (max-width: 755px) 100vw, 755px\" \/><\/figure>\n","protected":false},"excerpt":{"rendered":"<p>Harmonogram Nabory aktualne Nabory zako\u0144czone W zwi\u0105zku z licznymi zapytaniami informujemy, \u017ce w perspektywie finansowej Planu Strategicznego WPR na lata 2023-2027\u00a0Lokalna Grupa Dzia\u0142ania Zielona Dolina Odry i Warty\u00a0nie planuje\u00a0nabor\u00f3w, zwi\u0105zanych z zak\u0142adaniem, rozwojem lub doposa\u017ceniem przedsi\u0119biorstw. W nowej perspektywie nasze LGD wspiera\u0107 b\u0119dzie samorz\u0105dy i organizacje pozarz\u0105dowe w ramach dw\u00f3ch cel\u00f3w strategicznych: 1.Rozw\u00f3j infrastruktury turystycznej,<span class=\"dots\"> &hellip; <\/span><span class=\"link-more\"><a href=\"https:\/\/zdow.pl\/rlks\/dzialania\/\" class=\"more-link\">Read more <span class=\"screen-reader-text\">&#8222;Nabory&#8221;<\/span><\/a><\/span><\/p>\n","protected":false},"author":1,"featured_media":0,"parent":0,"menu_order":0,"comment_status":"closed","ping_status":"closed","template":"","meta":{"footnotes":""},"class_list":["post-127","page","type-page","status-publish","hentry"],"_links":{"self":[{"href":"https:\/\/zdow.pl\/rlks\/wp-json\/wp\/v2\/pages\/127","targetHints":{"allow":["GET"]}}],"collection":[{"href":"https:\/\/zdow.pl\/rlks\/wp-json\/wp\/v2\/pages"}],"about":[{"href":"https:\/\/zdow.pl\/rlks\/wp-json\/wp\/v2\/types\/page"}],"author":[{"embeddable":true,"href":"https:\/\/zdow.pl\/rlks\/wp-json\/wp\/v2\/users\/1"}],"replies":[{"embeddable":true,"href":"https:\/\/zdow.pl\/rlks\/wp-json\/wp\/v2\/comments?post=127"}],"version-history":[{"count":8,"href":"https:\/\/zdow.pl\/rlks\/wp-json\/wp\/v2\/pages\/127\/revisions"}],"predecessor-version":[{"id":314,"href":"https:\/\/zdow.pl\/rlks\/wp-json\/wp\/v2\/pages\/127\/revisions\/314"}],"wp:attachment":[{"href":"https:\/\/zdow.pl\/rlks\/wp-json\/wp\/v2\/media?parent=127"}],"curies":[{"name":"wp","href":"https:\/\/api.w.org\/{rel}","templated":true}]}}