{"id":15,"date":"2024-05-15T07:41:30","date_gmt":"2024-05-15T07:41:30","guid":{"rendered":"https:\/\/zdow.pl\/rlks\/?page_id=15"},"modified":"2026-01-07T09:30:47","modified_gmt":"2026-01-07T08:30:47","slug":"o-nas","status":"publish","type":"page","link":"https:\/\/zdow.pl\/rlks\/","title":{"rendered":"Lokalna Grupa Dzia\u0142ania Zielona Dolina Odry i Warty"},"content":{"rendered":"\n<p><\/p>\n\n\n\n<p><\/p>\n\n\n<div class=\"wp-block-image\">\n<figure class=\"alignleft size-large is-resized\"><img loading=\"lazy\" decoding=\"async\" width=\"576\" height=\"1024\" src=\"https:\/\/zdow.pl\/rlks\/wp-content\/uploads\/2024\/05\/LGD-576x1024.png\" alt=\"Mapa obszaru obj\u0119tego wsparcie Lokalnej Grupy Dzia\u0142ania. S\u0105 to gminy (w kolejno\u015bci od p\u00f3\u0142nocy): Witnica, Kostrzyn nad Odr\u0105, S\u0142o\u0144sk, G\u00f3rzyca, S\u0142ubice, Rzepin i Cybinka.\" class=\"wp-image-25\" style=\"width:350px;height:auto\" srcset=\"https:\/\/zdow.pl\/rlks\/wp-content\/uploads\/2024\/05\/LGD-576x1024.png 576w, https:\/\/zdow.pl\/rlks\/wp-content\/uploads\/2024\/05\/LGD-169x300.png 169w, https:\/\/zdow.pl\/rlks\/wp-content\/uploads\/2024\/05\/LGD-768x1365.png 768w, https:\/\/zdow.pl\/rlks\/wp-content\/uploads\/2024\/05\/LGD-864x1536.png 864w, https:\/\/zdow.pl\/rlks\/wp-content\/uploads\/2024\/05\/LGD.png 1125w\" sizes=\"auto, (max-width: 576px) 100vw, 576px\" \/><\/figure>\n<\/div>\n\n\n<p>Lokalna Grupa Dzia\u0142ania Stworzyszenie Zielona Dolina Odry i Warty jest bezpo\u015brednim projektowym kontynuatorem dzia\u0142a\u0144 LGD <a href=\"http:\/\/przyroda.zdow.pl\/\" data-type=\"link\" data-id=\"http:\/\/przyroda.zdow.pl\/\" target=\"_blank\" rel=\"noreferrer noopener\">Fundacji Zielonej Doliny Odry i Warty<\/a>. Fundacja powsta\u0142a w 2006 roku jako efekt realizacji schematu I Programu Leader+. W sensie wewn\u0105trzstrukturalnym zar\u00f3wno Stowarzysznie jak i Fundacja s\u0105 organizacjami wyj\u0105tkowymi w regionie, jej struktury bowiem zapewniaj\u0105 mo\u017cliwie szeroki dialog spo\u0142eczny. Jest to zwi\u0105zane z poprzednimi i bie\u017c\u0105cymi projektami surowo wymagaj\u0105cymi zbli\u017conych udzia\u0142\u00f3w procentowych i licznie reprezentowanych wszystkich sektor\u00f3w \u017cycia publicznego w strukturach organizacji. W roku 2006 Fundacja rozpocz\u0119\u0142a na terenie pi\u0119ciu gmin (Witnica, S\u0142o\u0144sk, G\u00f3rzyca, S\u0142ubice i Cybinka) realizacj\u0119 schematu II Programu Leader +. W 2015 roku obszar dzia\u0142ania powi\u0119kszy\u0142 si\u0119 o gmin\u0119 miejsk\u0105 Kostrzyn nad Odr\u0105.<\/p>\n\n\n\n<p>Stowarzyszeniem kieruje zarz\u0105d w sk\u0142adzie: Robert Stolarski &#8211; Prezes Zarz\u0105du, Leonard Pietrow &#8211; Wiceprezes Zarz\u0105du, Piotr Chara &#8211; Cz\u0142onek Zarz\u0105du<\/p>\n\n\n\n<h2 class=\"wp-block-heading\">Misja<\/h2>\n\n\n\n<p>Dzisiejsi mieszka\u0144cy teren\u00f3w przygranicznych zachodniej Polski \u2013 powojenni osadnicy ze wschodu i ich potomni \u2013 przez d\u0142ugie lata z przyczyn geopolitycznych i mentalnych mieli utrudnion\u0105 mo\u017cliwo\u015b\u0107 wykszta\u0142cenia w sobie poczucia jedno\u015bci ze swoj\u0105 now\u0105 ziemi\u0105. Zawierucha wojenna przerwa\u0142a im d\u0142ug\u0105 tradycj\u0119 w kultywowaniu spu\u015bcizny po przodkach. Dodatkowo wysiedleni niemieccy gospodarze zabrali ze sob\u0105 wiedz\u0119 (i cz\u0119sto szacunek niestety) o dotychczasowej ojczy\u017anie. Czynnikiem utrudniaj\u0105cym przypisanie w\u0142a\u015bciwej warto\u015bci tej ziemi sta\u0142a si\u0119 tak\u017ce peryferyjna lokalizacja wzgl\u0119dem krajowych aglomeracji i o\u015brodk\u00f3w naukowych, uchodz\u0105c w ten spos\u00f3b spo\u0142ecznej uwadze. Blisko\u015b\u0107 granicy pa\u0144stwa tak\u017ce wprowadza\u0142a, zw\u0142aszcza w minionej epoce Polski Ludowej, dodatkowe utrudnienia w eksploracji. Okoliczno\u015bci te istotnie przeszkadza\u0142y w budowaniu wizerunku tej ziemi opartego o rzeczywiste warto\u015bci przyrodnicze i kulturowe. Niewielka wiedza za\u015b utrudnia do dzi\u015b mieszka\u0144com budow\u0119 w\u0142a\u015bciwej wi\u0119zi emocjonalnej ze swoj\u0105 ziemi\u0105. Stosunkowo s\u0142abo wykszta\u0142cone poczucie to\u017csamo\u015bci regionalnej mieszka\u0144c\u00f3w Nadodrza stanowi barier\u0119 w pe\u0142nym i kompleksowym wykorzystaniu jego potencja\u0142u do rozwoju regionu.<\/p>\n\n\n\n<p>Od kilku ostatnich lat obserwowany jest wzrost zainteresowania problematyk\u0105 o tematyce regionalnej. Budzi si\u0119 przekonanie, \u017ce bez wiedzy o regionie trudno o integrowanie si\u0119 z jego problemami, trudno te\u017c o po\u017c\u0105dany rodzaj zwi\u0105zku emocjonalnego zwanego lokalnym patriotyzmem, b\u0119d\u0105cego zarazem nieodzownym preludium skutecznych, przekonywuj\u0105cych dzia\u0142a\u0144 promocyjnych oraz \u2013 co r\u00f3wnie istotne (a mo\u017ce nawet bardziej) \u2013 rado\u015bci \u017cycia na \u0142onie swej ma\u0142ej ojczyzny!<\/p>\n\n\n\n<p>Rodz\u0105ce si\u0119 w\u015br\u00f3d gospodarzy regionu zrozumienie potrzeby gruntownego zg\u0142\u0119bienia i \u201eodkrycia\u201d dla szerszego grona niezwyk\u0142ych walor\u00f3w swej ma\u0142ej ojczyzny oraz zrozumienie konieczno\u015bci podj\u0119cia wielu dzia\u0142a\u0144 na rzecz rozwoju gospodarczego opartego na potencjale przyrodniczo-kulturowym doprowadzi\u0142o do powo\u0142ania Fundacji Zielonej Doliny Odry i Warty. Od 2015 roku funkcj\u0119 Lokalnej Grupy Dzia\u0142ania pe\u0142ni Stowarzyszenie Zielonej Doliny Odry i Warty, czyli podmiot, kt\u00f3ry w pe\u0142ni kontynuuje misj\u0119 FZDOW.<\/p>\n\n\n\n<p>Z przyjemno\u015bci\u0105 zapraszam.<\/p>\n\n\n\n<p>Robert Stolarski, Prezes ZDOW<\/p>\n\n\n\n<hr class=\"wp-block-separator has-alpha-channel-opacity\"\/>\n\n\n\n<h2 class=\"wp-block-heading\" id=\"kontakt\">Kontakt<\/h2>\n\n\n\n<div data-post-id=\"60\" class=\"insert-page insert-page-60 \">\n<h2 class=\"wp-block-heading\" id=\"kontakt\"><strong>Stowarzyszenie Zielona Dolina Odry i Warty<\/strong><\/h2>\n\n\n\n<p>ul. 1 Maja 1B (pierwsze pi\u0119tro),<br>69-113 G\u00f3rzyca<br>biuro@zdow.pl<br><em>Biuro pracuje od pn do pt\u00a0w godzinach 8.00 &#8211; 16.00<\/em><\/p>\n\n\n\n<p><strong><em>Beneficjenci obs\u0142ugiwani s\u0105:<\/em><\/strong><\/p>\n\n\n\n<p><strong><em>PONIEDZIA\u0141EK &#8211; PI\u0104TEK w godzinach 9.00 &#8211; 14.00<\/em><\/strong><\/p>\n\n\n\n<p>lub w innych godzinach po wcze\u015bniejszym um\u00f3wieniu si\u0119 telefonicznym. Pracownicy biura:<\/p>\n\n\n\n<p>Robert Stolarski &#8211; Prezes Zarz\u0105du, 792 282 229<\/p>\n\n\n\n<p>Leonard Pietrow &#8211; Wiceprezes Zarz\u0105du, 503 034 017,<\/p>\n\n\n\n<p>Piotr Chara &#8211; Cz\u0142onek Zarz\u0105du, 664 468 363<\/p>\n\n\n\n<p>Karol Duer, 534 85 85 65<\/p>\n\n\n\n<p>NIP:&nbsp;5981617351<br>REGON:&nbsp;08042539<br>KRS:&nbsp;354054<\/p>\n\n\n\n<iframe src=\"https:\/\/www.google.com\/maps\/embed?pb=!1m18!1m12!1m3!1d324.03366951248216!2d14.654083045676252!3d52.49409501631118!2m3!1f0!2f0!3f0!3m2!1i1024!2i768!4f13.1!3m3!1m2!1s0x47070b5618991fef%3A0xeff0f0e853c20639!2sFundacja%20Zielonej%20Doliny%20Odry%20i%20Warty!5e0!3m2!1spl!2spl!4v1715759075096!5m2!1spl!2spl\" width=\"100%\" height=\"450\" style=\"border:0;\" allowfullscreen=\"\" loading=\"lazy\" referrerpolicy=\"no-referrer-when-downgrade\"><\/iframe>\n<\/div>\n","protected":false},"excerpt":{"rendered":"<p>Lokalna Grupa Dzia\u0142ania Stworzyszenie Zielona Dolina Odry i Warty jest bezpo\u015brednim projektowym kontynuatorem dzia\u0142a\u0144 LGD Fundacji Zielonej Doliny Odry i Warty. Fundacja powsta\u0142a w 2006 roku jako efekt realizacji schematu I Programu Leader+. W sensie wewn\u0105trzstrukturalnym zar\u00f3wno Stowarzysznie jak i Fundacja s\u0105 organizacjami wyj\u0105tkowymi w regionie, jej struktury bowiem zapewniaj\u0105 mo\u017cliwie szeroki dialog spo\u0142eczny. Jest<span class=\"dots\"> &hellip; <\/span><span class=\"link-more\"><a href=\"https:\/\/zdow.pl\/rlks\/\" class=\"more-link\">Read more <span class=\"screen-reader-text\">&#8222;Lokalna Grupa Dzia\u0142ania Zielona Dolina Odry i Warty&#8221;<\/span><\/a><\/span><\/p>\n","protected":false},"author":1,"featured_media":0,"parent":0,"menu_order":0,"comment_status":"closed","ping_status":"closed","template":"","meta":{"footnotes":""},"class_list":["post-15","page","type-page","status-publish","hentry"],"_links":{"self":[{"href":"https:\/\/zdow.pl\/rlks\/wp-json\/wp\/v2\/pages\/15","targetHints":{"allow":["GET"]}}],"collection":[{"href":"https:\/\/zdow.pl\/rlks\/wp-json\/wp\/v2\/pages"}],"about":[{"href":"https:\/\/zdow.pl\/rlks\/wp-json\/wp\/v2\/types\/page"}],"author":[{"embeddable":true,"href":"https:\/\/zdow.pl\/rlks\/wp-json\/wp\/v2\/users\/1"}],"replies":[{"embeddable":true,"href":"https:\/\/zdow.pl\/rlks\/wp-json\/wp\/v2\/comments?post=15"}],"version-history":[{"count":30,"href":"https:\/\/zdow.pl\/rlks\/wp-json\/wp\/v2\/pages\/15\/revisions"}],"predecessor-version":[{"id":311,"href":"https:\/\/zdow.pl\/rlks\/wp-json\/wp\/v2\/pages\/15\/revisions\/311"}],"wp:attachment":[{"href":"https:\/\/zdow.pl\/rlks\/wp-json\/wp\/v2\/media?parent=15"}],"curies":[{"name":"wp","href":"https:\/\/api.w.org\/{rel}","templated":true}]}}