{"id":22,"date":"2024-05-15T08:22:56","date_gmt":"2024-05-15T08:22:56","guid":{"rendered":"https:\/\/zdow.pl\/rlks\/?page_id=22"},"modified":"2025-11-12T08:31:40","modified_gmt":"2025-11-12T07:31:40","slug":"dokumenty","status":"publish","type":"page","link":"https:\/\/zdow.pl\/rlks\/dokumenty\/","title":{"rendered":"Dokumenty"},"content":{"rendered":"\n<p>ostatnia zmiana:<\/p>\n\n\n<div class=\"wp-block-post-date__modified-date wp-block-post-date\"><time datetime=\"2025-11-12T08:31:40+01:00\">12 listopada, 2025<\/time><\/div>\n\n\n<p><strong>Wzory wniosk\u00f3w i instrukcje:<\/strong><\/p>\n\n\n\n<p><a href=\"https:\/\/zdow.pl\/rlks\/index.php\/2024\/12\/04\/wzory-wnioskow-i-instrukcje\/\">Wzory wniosk\u00f3w i instrukcje \u2013 Zielona Dolina Odry i Warty<\/a><\/p>\n\n\n\n<div class=\"wp-block-columns is-layout-flex wp-container-core-columns-is-layout-9d6595d7 wp-block-columns-is-layout-flex\">\n<div class=\"wp-block-column is-layout-flow wp-block-column-is-layout-flow\">\n<h2 class=\"wp-block-heading has-text-align-center\"><strong>Statut<\/strong> ZDOW<\/h2>\n\n\n\n<figure class=\"wp-block-image size-full\"><a href=\"https:\/\/zdow.pl\/rlks\/wp-content\/uploads\/2024\/05\/STATUT_STOWARZYSZENIA_ZIELONA_DOLINA_ODRY_I_WARTY-18_04_2023.pdf\" target=\"_blank\" rel=\"noreferrer noopener\"><img loading=\"lazy\" decoding=\"async\" width=\"1024\" height=\"1024\" src=\"https:\/\/zdow.pl\/rlks\/wp-content\/uploads\/2024\/05\/img-6KCwtvyi7w3GmN0M9Bw1BzuT.png\" alt=\"Graficzny odno\u015bnik do statutu stowarzyszenia Zielona Dolina Odry i Warty. Ilustracja abstrakcyjna\" class=\"wp-image-30\" srcset=\"https:\/\/zdow.pl\/rlks\/wp-content\/uploads\/2024\/05\/img-6KCwtvyi7w3GmN0M9Bw1BzuT.png 1024w, https:\/\/zdow.pl\/rlks\/wp-content\/uploads\/2024\/05\/img-6KCwtvyi7w3GmN0M9Bw1BzuT-300x300.png 300w, https:\/\/zdow.pl\/rlks\/wp-content\/uploads\/2024\/05\/img-6KCwtvyi7w3GmN0M9Bw1BzuT-150x150.png 150w, https:\/\/zdow.pl\/rlks\/wp-content\/uploads\/2024\/05\/img-6KCwtvyi7w3GmN0M9Bw1BzuT-768x768.png 768w\" sizes=\"auto, (max-width: 1024px) 100vw, 1024px\" \/><\/a><\/figure>\n<\/div>\n\n\n\n<div class=\"wp-block-column is-layout-flow wp-block-column-is-layout-flow\">\n<h2 class=\"wp-block-heading has-text-align-center\"><strong>Sprawozdania<\/strong><\/h2>\n\n\n\n<figure class=\"wp-block-image size-full\"><a href=\"https:\/\/zdow.pl\/rlks\/index.php\/sprawozdania\/\" target=\"_blank\" rel=\"noreferrer noopener\"><img loading=\"lazy\" decoding=\"async\" width=\"1024\" height=\"1024\" src=\"https:\/\/zdow.pl\/rlks\/wp-content\/uploads\/2024\/05\/img-tBdOiQ0QVCMwt0RiIlY1h7VJ.png\" alt=\"Graficzny odno\u015bnik do podstrony zawieraj\u0105cej sprawozdania stowarzyszenia Zielona Dolina Odry i Warty. Ilustracja abstrakcyjna\" class=\"wp-image-50\" srcset=\"https:\/\/zdow.pl\/rlks\/wp-content\/uploads\/2024\/05\/img-tBdOiQ0QVCMwt0RiIlY1h7VJ.png 1024w, https:\/\/zdow.pl\/rlks\/wp-content\/uploads\/2024\/05\/img-tBdOiQ0QVCMwt0RiIlY1h7VJ-300x300.png 300w, https:\/\/zdow.pl\/rlks\/wp-content\/uploads\/2024\/05\/img-tBdOiQ0QVCMwt0RiIlY1h7VJ-150x150.png 150w, https:\/\/zdow.pl\/rlks\/wp-content\/uploads\/2024\/05\/img-tBdOiQ0QVCMwt0RiIlY1h7VJ-768x768.png 768w\" sizes=\"auto, (max-width: 1024px) 100vw, 1024px\" \/><\/a><\/figure>\n<\/div>\n\n\n\n<div class=\"wp-block-column is-layout-flow wp-block-column-is-layout-flow\">\n<h2 class=\"wp-block-heading has-text-align-center\"><strong>Strategia<\/strong> (LSR)<\/h2>\n\n\n\n<figure class=\"wp-block-image size-full\"><a href=\"https:\/\/zdow.pl\/rlks\/wp-content\/uploads\/2024\/05\/Uzupelnienia-LSR_na-lata-2023_2027_Zielona-Dolina-Odry-i-Warty_-11092023.pdf\" target=\"_blank\" rel=\"Dokument pdf - Lokalna Strategia Rozwoju noopener\"><img loading=\"lazy\" decoding=\"async\" width=\"1024\" height=\"1024\" src=\"https:\/\/zdow.pl\/rlks\/wp-content\/uploads\/2024\/05\/img-cnlAMtEEGpcZLyvI8c5RqbXM.png\" alt=\"Graficzny odno\u015bnik do Lokalnej Strategii Rozwoju stowarzyszenia Zielona Dolina Odry i Warty. Ilustracja abstrakcyjna\" class=\"wp-image-29\" srcset=\"https:\/\/zdow.pl\/rlks\/wp-content\/uploads\/2024\/05\/img-cnlAMtEEGpcZLyvI8c5RqbXM.png 1024w, https:\/\/zdow.pl\/rlks\/wp-content\/uploads\/2024\/05\/img-cnlAMtEEGpcZLyvI8c5RqbXM-300x300.png 300w, https:\/\/zdow.pl\/rlks\/wp-content\/uploads\/2024\/05\/img-cnlAMtEEGpcZLyvI8c5RqbXM-150x150.png 150w, https:\/\/zdow.pl\/rlks\/wp-content\/uploads\/2024\/05\/img-cnlAMtEEGpcZLyvI8c5RqbXM-768x768.png 768w\" sizes=\"auto, (max-width: 1024px) 100vw, 1024px\" \/><\/a><\/figure>\n<\/div>\n<\/div>\n\n\n\n<hr class=\"wp-block-separator has-alpha-channel-opacity\"\/>\n\n\n\n<h2 class=\"wp-block-heading has-text-align-center\">Harmonogram nabor\u00f3w:<\/h2>\n\n\n<div class=\"wp-block-image\">\n<figure class=\"aligncenter size-medium\"><a href=\"https:\/\/zdow.pl\/rlks\/index.php\/category\/harmonogram-naborow\/\" target=\"_blank\" rel=\" noreferrer noopener\"><img loading=\"lazy\" decoding=\"async\" width=\"300\" height=\"298\" src=\"https:\/\/zdow.pl\/rlks\/wp-content\/uploads\/2025\/01\/image-300x298.png\" alt=\"Ikonka przedstawiaj\u0105ca kalendarz - link do strony z harmonogramami nabor\u00f3w.\" class=\"wp-image-218\" srcset=\"https:\/\/zdow.pl\/rlks\/wp-content\/uploads\/2025\/01\/image-300x298.png 300w, https:\/\/zdow.pl\/rlks\/wp-content\/uploads\/2025\/01\/image-150x150.png 150w, https:\/\/zdow.pl\/rlks\/wp-content\/uploads\/2025\/01\/image-768x763.png 768w, https:\/\/zdow.pl\/rlks\/wp-content\/uploads\/2025\/01\/image.png 915w\" sizes=\"auto, (max-width: 300px) 100vw, 300px\" \/><\/a><\/figure>\n<\/div>\n\n\n<hr class=\"wp-block-separator has-alpha-channel-opacity\"\/>\n\n\n\n<h2 class=\"wp-block-heading has-text-align-center\">Dokumenty zwi\u0105zane z funkcjonowaniem LGD<\/h2>\n\n\n\n<p>Sprawozdanie z realizacji LSR za 2024 rok: <a href=\"https:\/\/zdow.pl\/rlks\/wp-content\/uploads\/2025\/03\/Sprawozdania z realizacji LSR 2024.T-sig.pdf\">pobierz<\/a> + za\u0142\u0105cznik (<a href=\"https:\/\/zdow.pl\/rlks\/wp-content\/uploads\/2025\/03\/Za\u0142\u0105cznik do sprawozdania LSR 2024.T-sig.pdf\">pobierz<\/a>)<\/p>\n\n\n\n<div data-wp-interactive=\"core\/file\" class=\"wp-block-file\"><object data-wp-bind--hidden=\"!state.hasPdfPreview\" hidden class=\"wp-block-file__embed\" data=\"https:\/\/zdow.pl\/rlks\/wp-content\/uploads\/2024\/05\/Plan-Komunikacji-na-lata_2023_2029-Uzuplenienia_31_08_2023.pdf\" type=\"application\/pdf\" style=\"width:100%;height:600px\" aria-label=\"Osadzone z Plan-Komunikacji-na-lata_2023_2029-Uzuplenienia_31_08_2023.\"><\/object><a id=\"wp-block-file--media-146192a8-1c67-4d22-a14b-8ad2a2d9c5b0\" href=\"https:\/\/zdow.pl\/rlks\/wp-content\/uploads\/2024\/05\/Plan-Komunikacji-na-lata_2023_2029-Uzuplenienia_31_08_2023.pdf\">Plan-Komunikacji-na-lata_2023_2029-Uzuplenienia_31_08_2023<\/a><a href=\"https:\/\/zdow.pl\/rlks\/wp-content\/uploads\/2024\/05\/Plan-Komunikacji-na-lata_2023_2029-Uzuplenienia_31_08_2023.pdf\" class=\"wp-block-file__button wp-element-button\" download aria-describedby=\"wp-block-file--media-146192a8-1c67-4d22-a14b-8ad2a2d9c5b0\">Pobierz<\/a><\/div>\n\n\n\n<hr class=\"wp-block-separator has-alpha-channel-opacity\"\/>\n\n\n\n<p><strong>Stowarzyszenie Zielona Dolina Odry i Warty \u2013 Lokalna Grupa Dzia\u0142ania \u2013 dokumenty organizacyjne<\/strong><\/p>\n\n\n\n<ol class=\"wp-block-list\">\n<li><a href=\"http:\/\/prow.zdow.pl\/wp-content\/uploads\/2023\/05\/STATUT_STOWARZYSZENIA_ZIELONA_DOLINA_ODRY_I_WARTY-18_04_2023.pdf\">Statut Stowarzyszenia Zielona Dolina Odry i Warty 2023<\/a><\/li>\n\n\n\n<li><a href=\"https:\/\/zdow.pl\/rlks\/wp-content\/uploads\/2025\/02\/ZARZAD.pdf\">Sk\u0142ad zarz\u0105du<\/a><\/li>\n\n\n\n<li><a href=\"https:\/\/zdow.pl\/rlks\/wp-content\/uploads\/2025\/02\/LISTA_CZLONKOW_STOWARZYSZENIA.pdf\">Lista cz\u0142onk\u00f3w stowarzyszenia<\/a><\/li>\n\n\n\n<li><a href=\"http:\/\/prow.zdow.pl\/wp-content\/uploads\/2016\/06\/WZORY_DEKLARACJI.rar\">Wzory deklaracji cz\u0142onkowskich<\/a><\/li>\n\n\n\n<li><a href=\"http:\/\/prow.zdow.pl\/wp-content\/uploads\/2013\/12\/reg_org.zip\">Regulamin organizacyjny biura<\/a><\/li>\n\n\n\n<li><a href=\"https:\/\/zdow.pl\/rlks\/wp-content\/uploads\/2025\/02\/UMOWA21-27.pdf\">Umowa na wdra\u017canie LSR<\/a><\/li>\n\n\n\n<li><a href=\"http:\/\/prow.zdow.pl\/wp-content\/uploads\/2023\/05\/Koszty-biezace-na-strone-2023.pdf\">Koszty bie\u017c\u0105ce<\/a><\/li>\n\n\n\n<li><a href=\"https:\/\/zdow.pl\/rlks\/wp-content\/uploads\/2025\/02\/KOSZTY_2016-2024.pdf\">koszty LGD 2016-2023<\/a><\/li>\n\n\n\n<li><a href=\"http:\/\/prow.zdow.pl\/wp-content\/uploads\/2023\/05\/HARMONOGRAM-SZKOLEN-2023-1.pdf\">Harmonogram szkole\u0144 pracownik\u00f3w i organ\u00f3w LGD<\/a><\/li>\n\n\n\n<li><a href=\"https:\/\/zdow.pl\/rlks\/wp-content\/uploads\/2025\/02\/RADA.pdf\">Lista cz\u0142onk\u00f3w Rady Proj<\/a><a href=\"http:\/\/prow.zdow.pl\/wp-content\/uploads\/2025\/02\/RADA.pdf\">e<\/a><a href=\"http:\/\/prow.zdow.pl\/wp-content\/uploads\/2023\/05\/SKLAD-RADY-PROJEKTOWEJ.pdf\">ktowej<\/a><\/li>\n\n\n\n<li><a href=\"https:\/\/zdow.pl\/rlks\/wp-content\/uploads\/2025\/02\/REGULAMIN_RADY.pdf\">Regulamin pracy Rady Projektowej<\/a><\/li>\n<\/ol>\n\n\n\n<hr class=\"wp-block-separator has-alpha-channel-opacity\"\/>\n\n\n\n<h2 class=\"wp-block-heading has-text-align-center\">DOKUMENTY Z <strong>PERSPEKTYWY 2014-2020<\/strong><\/h2>\n\n\n\n<p>A.Strategia Rozwoju Lokalnego Kierowanego przez Spo\u0142eczno\u015b\u0107 (zwana tak\u017ce Lokaln\u0105 Strategi\u0105 Rozwoju \u2013 LSR)<\/p>\n\n\n\n<ol class=\"wp-block-list\">\n<li><a href=\"http:\/\/prow.zdow.pl\/wp-content\/uploads\/2023\/05\/STRATEGIA-ROZWOJU-LOKALNEGO-KIEROWANEGO-PRZEZ-SPO_ECZNOSC-zmiana-22022023.pdf\">Tekst strategii \u2013 LSR.pdf&nbsp;<\/a><\/li>\n\n\n\n<li><a href=\"http:\/\/prow.zdow.pl\/wp-content\/uploads\/2023\/05\/Plan-komunikacji-2022.pdf\">Plan komunikacji na 2023<\/a>,&nbsp;<a href=\"http:\/\/prow.zdow.pl\/wp-content\/uploads\/2023\/05\/Plan-komunikacji-2022.pdf\">Plan komunikacji na 2022<\/a>,&nbsp;<a href=\"http:\/\/prow.zdow.pl\/wp-content\/uploads\/2021\/07\/Plan-komunikacji-2021.pdf\">Plan komunikacji na 2021<\/a>,&nbsp;<a href=\"http:\/\/prow.zdow.pl\/wp-content\/uploads\/2019\/11\/Plan-komunikacji-2020.pdf\">Plan komunikacji na 2020<\/a>,&nbsp;<a href=\"http:\/\/prow.zdow.pl\/wp-content\/uploads\/2019\/03\/plan-komunikacji-2019.pdf\">Plan komunikacji 2019<\/a>,&nbsp;<a href=\"http:\/\/prow.zdow.pl\/wp-content\/uploads\/2018\/01\/Plan-komunikacji-18-POPR.pdf\">Plan komunikacji na 2018<\/a>, plan komunikacji na 2017 rok:&nbsp;<a href=\"http:\/\/prow.zdow.pl\/wp-content\/uploads\/2017\/01\/Plan-komunikacji-2017.pdf\">Pobierz<\/a><\/li>\n\n\n\n<li><a href=\"http:\/\/prow.zdow.pl\/wp-content\/uploads\/2023\/05\/PLAN-DZIALAN-2022.pdf\">Plan dzia\u0142a\u0144 2022<\/a><\/li>\n\n\n\n<li><strong><a href=\"http:\/\/prow.zdow.pl\/wp-content\/uploads\/2021\/10\/rada_projektowa.zip\">Regulamin Rady Projektowej wraz z Lokalnymi Kryteriami Wyboru<\/a><\/strong><\/li>\n\n\n\n<li><a href=\"http:\/\/prow.zdow.pl\/wp-content\/uploads\/2015\/12\/procedura-grantow.rar\">Procedura realizacji projekt\u00f3w grantowych (konkurs\u00f3w dla organizacji pozarz\u0105dowych)<\/a><\/li>\n\n\n\n<li><a href=\"http:\/\/prow.zdow.pl\/wp-content\/uploads\/2023\/05\/zalacznik_umowy_ramowej_harmonogram-EURO-2023.pdf\">Harmonogram nabor\u00f3w (aktualizacja 2023)<\/a><\/li>\n\n\n\n<li><a href=\"http:\/\/prow.zdow.pl\/wp-content\/uploads\/2023\/05\/SPRAWOZDANIE-2022.xlsx\">Sprawozdanie z realizacji LSR (2022)<\/a><\/li>\n\n\n\n<li><a href=\"http:\/\/prow.zdow.pl\/wp-content\/uploads\/2016\/06\/umowa.pdf\">Umowa na wdra\u017canie LSR<\/a><\/li>\n<\/ol>\n\n\n\n<p>B. Legislacja Programu Rozwoju Obszar\u00f3w Wiejskich<\/p>\n\n\n\n<ol class=\"wp-block-list\">\n<li><a href=\"http:\/\/prow.zdow.pl\/wp-content\/uploads\/2016\/06\/RLKS_D2015000037801.pdf\">Ustawa o Rozwoju Lokalnym Kierowanym przez Spo\u0142eczno\u015b\u0107 (RLKS)<\/a><\/li>\n\n\n\n<li><a href=\"http:\/\/prow.zdow.pl\/wp-content\/uploads\/2016\/06\/PROW2014-2020_wersja_pelna.pdf\">PROW 2014-2020_wersja_pelna<\/a><\/li>\n\n\n\n<li><a href=\"http:\/\/prow.zdow.pl\/wp-content\/uploads\/2020\/09\/Rozporzadzenie-19.2-wersja-od-10.09.2020.pdf\"><strong>Rozporz\u0105dzenie dot. wdra\u017cania LSR wersja Wersja od: 10 wrze\u015bnia 2020r<\/strong><\/a><\/li>\n\n\n\n<li><a href=\"http:\/\/prow.zdow.pl\/wp-content\/uploads\/2016\/10\/rozporzadzenie-tekst-jednolity.pdf\">Zmieniane rozporz\u0105dzenie dot. finansowania koszt\u00f3w bie\u017c\u0105cych LGD<\/a><\/li>\n\n\n\n<li><a href=\"http:\/\/prow.zdow.pl\/wp-content\/uploads\/2021\/11\/Wytyczna-9-2-2021-zmianiajaca-8-1-2021.pdf\">Wytyczne dot. organizacji przez LGD nabor\u00f3w wniosk\u00f3w<\/a>;&nbsp;<a href=\"https:\/\/www.gov.pl\/attachment\/4a008dbd-242b-44d5-88b5-7b71a616b498\">Pozosta\u0142e wytyczne<\/a><\/li>\n\n\n\n<li><a href=\"https:\/\/www.gov.pl\/attachment\/26ac2110-88fd-4666-bbad-c0eeab9b39d9\">Wytyczne w zakresie monitoringu i ewaluacji strategii rozwoju lokalnego kierowanego przez spo\u0142eczno\u015b\u0107<\/a><\/li>\n<\/ol>\n\n\n\n<p>C. Dokumenty aplikacyjne<\/p>\n\n\n\n<ol class=\"wp-block-list\">\n<li><strong>Wszystkie dokumenty aplikacyjne, aktualne wzory um\u00f3w i formularze wniosk\u00f3w o p\u0142atno\u015b\u0107 dost\u0119pne s\u0105 na stronie internetowej ARiMR pod adresem:&nbsp;<a href=\"https:\/\/www.gov.pl\/web\/arimr\/poddzialanie-192-wsparcie-na-wdrazanie-operacji-w-ramach-strategii-rozwoju-lokalnego-kierowanego-przez-spolecznosc3\">Poddzia\u0142anie 19.2 Wsparcie na wdra\u017canie operacji w ramach strategii rozwoju lokalnego kierowanego przez spo\u0142eczno\u015b\u0107 \u2013 Agencja Restrukturyzacji i Modernizacji Rolnictwa \u2013 Portal Gov.pl (www.gov.pl)<\/a><\/strong><\/li>\n\n\n\n<li>UWAGA \u2013 powy\u017cszy link kieruje do strony zewn\u0119trznej. Na niej obowi\u0105zuje podzia\u0142 plik\u00f3w wzgl\u0119dem rodzaju operacji:<br>I. Operacje w ramach poddzia\u0142ania 19.2 z wy\u0142\u0105czeniem projekt\u00f3w grantowych oraz operacji w zakresie podejmowania dzia\u0142alno\u015bci gospodarczej (Inne\/W\u0142asne)<br>II. Operacje w ramach poddzia\u0142ania 19.2 w zakresie podejmowania dzia\u0142alno\u015bci gospodarczej (Premie)<br>III. Operacje w ramach poddzia\u0142ania 19.2 w zakresie projekt\u00f3w grantowych<\/li>\n<\/ol>\n\n\n\n<p>D. Archiwum FZDOW<\/p>\n\n\n\n<ol class=\"wp-block-list\">\n<li><a href=\"http:\/\/prow.zdow.pl\/wp-content\/uploads\/2015\/02\/NABORY.rar\">Nabory z okresu 2007-2013<\/a><\/li>\n\n\n\n<li><a href=\"http:\/\/prow.zdow.pl\/wp-content\/uploads\/2015\/02\/LSR.zip\">LSR z okresu 2007-2013<\/a><\/li>\n<\/ol>\n","protected":false},"excerpt":{"rendered":"<p>ostatnia zmiana: Wzory wniosk\u00f3w i instrukcje: Wzory wniosk\u00f3w i instrukcje \u2013 Zielona Dolina Odry i Warty Statut ZDOW Sprawozdania Strategia (LSR) Harmonogram nabor\u00f3w: Dokumenty zwi\u0105zane z funkcjonowaniem LGD Sprawozdanie z realizacji LSR za 2024 rok: pobierz + za\u0142\u0105cznik (pobierz) Stowarzyszenie Zielona Dolina Odry i Warty \u2013 Lokalna Grupa Dzia\u0142ania \u2013 dokumenty organizacyjne DOKUMENTY Z PERSPEKTYWY<span class=\"dots\"> &hellip; <\/span><span class=\"link-more\"><a href=\"https:\/\/zdow.pl\/rlks\/dokumenty\/\" class=\"more-link\">Read more <span class=\"screen-reader-text\">&#8222;Dokumenty&#8221;<\/span><\/a><\/span><\/p>\n","protected":false},"author":1,"featured_media":0,"parent":0,"menu_order":0,"comment_status":"closed","ping_status":"closed","template":"","meta":{"footnotes":""},"class_list":["post-22","page","type-page","status-publish","hentry"],"_links":{"self":[{"href":"https:\/\/zdow.pl\/rlks\/wp-json\/wp\/v2\/pages\/22","targetHints":{"allow":["GET"]}}],"collection":[{"href":"https:\/\/zdow.pl\/rlks\/wp-json\/wp\/v2\/pages"}],"about":[{"href":"https:\/\/zdow.pl\/rlks\/wp-json\/wp\/v2\/types\/page"}],"author":[{"embeddable":true,"href":"https:\/\/zdow.pl\/rlks\/wp-json\/wp\/v2\/users\/1"}],"replies":[{"embeddable":true,"href":"https:\/\/zdow.pl\/rlks\/wp-json\/wp\/v2\/comments?post=22"}],"version-history":[{"count":19,"href":"https:\/\/zdow.pl\/rlks\/wp-json\/wp\/v2\/pages\/22\/revisions"}],"predecessor-version":[{"id":281,"href":"https:\/\/zdow.pl\/rlks\/wp-json\/wp\/v2\/pages\/22\/revisions\/281"}],"wp:attachment":[{"href":"https:\/\/zdow.pl\/rlks\/wp-json\/wp\/v2\/media?parent=22"}],"curies":[{"name":"wp","href":"https:\/\/api.w.org\/{rel}","templated":true}]}}